{"id":101,"date":"2019-10-20T17:59:47","date_gmt":"2019-10-20T20:59:47","guid":{"rendered":"http:\/\/encostaviva.poli.ufrj.br\/?page_id=101"},"modified":"2024-08-12T11:49:36","modified_gmt":"2024-08-12T14:49:36","slug":"acoes-em-educacao-formal","status":"publish","type":"page","link":"https:\/\/encostaviva.poli.ufrj.br\/index.php\/acoes-em-educacao-formal\/","title":{"rendered":"Educa\u00e7\u00e3o Formal"},"content":{"rendered":"\t\t<div data-elementor-type=\"wp-page\" data-elementor-id=\"101\" class=\"elementor elementor-101\">\n\t\t\t\t\t\t\t\t\t<section class=\"elementor-section elementor-top-section elementor-element elementor-element-6952863 elementor-section-boxed elementor-section-height-default elementor-section-height-default\" data-id=\"6952863\" data-element_type=\"section\">\n\t\t\t\t\t\t<div class=\"elementor-container elementor-column-gap-default\">\n\t\t\t\t\t<div class=\"elementor-column elementor-col-100 elementor-top-column elementor-element elementor-element-75dfd92\" data-id=\"75dfd92\" data-element_type=\"column\">\n\t\t\t<div class=\"elementor-widget-wrap elementor-element-populated\">\n\t\t\t\t\t\t\t\t<div class=\"elementor-element elementor-element-abeeaa1 elementor-widget elementor-widget-heading\" data-id=\"abeeaa1\" data-element_type=\"widget\" data-widget_type=\"heading.default\">\n\t\t\t\t<div class=\"elementor-widget-container\">\n\t\t\t<style>\/*! elementor - v3.18.0 - 08-12-2023 *\/\n.elementor-heading-title{padding:0;margin:0;line-height:1}.elementor-widget-heading .elementor-heading-title[class*=elementor-size-]>a{color:inherit;font-size:inherit;line-height:inherit}.elementor-widget-heading .elementor-heading-title.elementor-size-small{font-size:15px}.elementor-widget-heading .elementor-heading-title.elementor-size-medium{font-size:19px}.elementor-widget-heading .elementor-heading-title.elementor-size-large{font-size:29px}.elementor-widget-heading .elementor-heading-title.elementor-size-xl{font-size:39px}.elementor-widget-heading .elementor-heading-title.elementor-size-xxl{font-size:59px}<\/style><h2 class=\"elementor-heading-title elementor-size-default\">A\u00e7\u00f5es em educa\u00e7\u00e3o formal<br><\/h2>\t\t<\/div>\n\t\t\t\t<\/div>\n\t\t\t\t\t<\/div>\n\t\t<\/div>\n\t\t\t\t\t\t\t<\/div>\n\t\t<\/section>\n\t\t\t\t<section class=\"elementor-section elementor-top-section elementor-element elementor-element-b6fe761 elementor-section-boxed elementor-section-height-default elementor-section-height-default\" data-id=\"b6fe761\" data-element_type=\"section\">\n\t\t\t\t\t\t<div class=\"elementor-container elementor-column-gap-default\">\n\t\t\t\t\t<div class=\"elementor-column elementor-col-50 elementor-top-column elementor-element elementor-element-c823bcd\" data-id=\"c823bcd\" data-element_type=\"column\">\n\t\t\t<div class=\"elementor-widget-wrap elementor-element-populated\">\n\t\t\t\t\t\t\t\t<div class=\"elementor-element elementor-element-5752431 elementor-widget elementor-widget-text-editor\" data-id=\"5752431\" data-element_type=\"widget\" data-widget_type=\"text-editor.default\">\n\t\t\t\t<div class=\"elementor-widget-container\">\n\t\t\t<style>\/*! elementor - v3.18.0 - 08-12-2023 *\/\n.elementor-widget-text-editor.elementor-drop-cap-view-stacked .elementor-drop-cap{background-color:#69727d;color:#fff}.elementor-widget-text-editor.elementor-drop-cap-view-framed .elementor-drop-cap{color:#69727d;border:3px solid;background-color:transparent}.elementor-widget-text-editor:not(.elementor-drop-cap-view-default) .elementor-drop-cap{margin-top:8px}.elementor-widget-text-editor:not(.elementor-drop-cap-view-default) .elementor-drop-cap-letter{width:1em;height:1em}.elementor-widget-text-editor .elementor-drop-cap{float:left;text-align:center;line-height:1;font-size:50px}.elementor-widget-text-editor .elementor-drop-cap-letter{display:inline-block}<\/style>\t\t\t\t<p><span style=\"color: rgba(var(--kubio-color-6),1);\">Nas a\u00e7\u00f5es em educa\u00e7\u00e3o formal consistem em atividades realizadas em escolas para a integra\u00e7\u00e3o do tema de desastres associados a deslizamentos no curr\u00edculo formal de ensino.<\/span><br><\/p><p>As atividades envolvem a prepara\u00e7\u00e3o de professores, a concep\u00e7\u00e3o e planejamento das interven\u00e7\u00f5es pedag\u00f3gicas, a constru\u00e7\u00e3o das ferramentas pedag\u00f3gicas e sua execu\u00e7\u00e3o.<br><\/p><p>Busca-se, sempre, atividades que promovam a interdisciplinaridade, interatividade entre os alunos, a conex\u00e3o com o mundo real e um sentido afetivo para os alunos<\/p>\t\t\t\t\t\t<\/div>\n\t\t\t\t<\/div>\n\t\t\t\t\t<\/div>\n\t\t<\/div>\n\t\t\t\t<div class=\"elementor-column elementor-col-50 elementor-top-column elementor-element elementor-element-04d813d\" data-id=\"04d813d\" data-element_type=\"column\">\n\t\t\t<div class=\"elementor-widget-wrap elementor-element-populated\">\n\t\t\t\t\t\t\t\t<div class=\"elementor-element elementor-element-a9f03a4 elementor-widget elementor-widget-image\" data-id=\"a9f03a4\" data-element_type=\"widget\" data-widget_type=\"image.default\">\n\t\t\t\t<div class=\"elementor-widget-container\">\n\t\t\t<style>\/*! elementor - v3.18.0 - 08-12-2023 *\/\n.elementor-widget-image{text-align:center}.elementor-widget-image a{display:inline-block}.elementor-widget-image a img[src$=\".svg\"]{width:48px}.elementor-widget-image img{vertical-align:middle;display:inline-block}<\/style>\t\t\t\t\t\t\t\t\t\t\t\t<img fetchpriority=\"high\" decoding=\"async\" width=\"1024\" height=\"818\" src=\"https:\/\/encostaviva.poli.ufrj.br\/wp-content\/uploads\/2023\/03\/Foto-35-e1723470539293-1024x818.jpg\" class=\"attachment-large size-large wp-image-2154\" alt=\"\" srcset=\"https:\/\/encostaviva.poli.ufrj.br\/wp-content\/uploads\/2023\/03\/Foto-35-e1723470539293-1024x818.jpg 1024w, https:\/\/encostaviva.poli.ufrj.br\/wp-content\/uploads\/2023\/03\/Foto-35-e1723470539293-300x240.jpg 300w, https:\/\/encostaviva.poli.ufrj.br\/wp-content\/uploads\/2023\/03\/Foto-35-e1723470539293-768x613.jpg 768w, https:\/\/encostaviva.poli.ufrj.br\/wp-content\/uploads\/2023\/03\/Foto-35-e1723470539293.jpg 1128w\" sizes=\"(max-width: 1024px) 100vw, 1024px\" \/>\t\t\t\t\t\t\t\t\t\t\t\t\t\t\t<\/div>\n\t\t\t\t<\/div>\n\t\t\t\t\t<\/div>\n\t\t<\/div>\n\t\t\t\t\t\t\t<\/div>\n\t\t<\/section>\n\t\t\t\t<section class=\"elementor-section elementor-top-section elementor-element elementor-element-8288f94 elementor-section-boxed elementor-section-height-default elementor-section-height-default\" data-id=\"8288f94\" data-element_type=\"section\">\n\t\t\t\t\t\t<div class=\"elementor-container elementor-column-gap-default\">\n\t\t\t\t\t<div class=\"elementor-column elementor-col-100 elementor-top-column elementor-element elementor-element-f7ded48\" data-id=\"f7ded48\" data-element_type=\"column\">\n\t\t\t<div class=\"elementor-widget-wrap elementor-element-populated\">\n\t\t\t\t\t\t\t\t<div class=\"elementor-element elementor-element-6ac0a4d elementor-widget elementor-widget-spacer\" data-id=\"6ac0a4d\" data-element_type=\"widget\" data-widget_type=\"spacer.default\">\n\t\t\t\t<div class=\"elementor-widget-container\">\n\t\t\t<style>\/*! elementor - v3.18.0 - 08-12-2023 *\/\n.elementor-column .elementor-spacer-inner{height:var(--spacer-size)}.e-con{--container-widget-width:100%}.e-con-inner>.elementor-widget-spacer,.e-con>.elementor-widget-spacer{width:var(--container-widget-width,var(--spacer-size));--align-self:var(--container-widget-align-self,initial);--flex-shrink:0}.e-con-inner>.elementor-widget-spacer>.elementor-widget-container,.e-con>.elementor-widget-spacer>.elementor-widget-container{height:100%;width:100%}.e-con-inner>.elementor-widget-spacer>.elementor-widget-container>.elementor-spacer,.e-con>.elementor-widget-spacer>.elementor-widget-container>.elementor-spacer{height:100%}.e-con-inner>.elementor-widget-spacer>.elementor-widget-container>.elementor-spacer>.elementor-spacer-inner,.e-con>.elementor-widget-spacer>.elementor-widget-container>.elementor-spacer>.elementor-spacer-inner{height:var(--container-widget-height,var(--spacer-size))}.e-con-inner>.elementor-widget-spacer.elementor-widget-empty,.e-con>.elementor-widget-spacer.elementor-widget-empty{position:relative;min-height:22px;min-width:22px}.e-con-inner>.elementor-widget-spacer.elementor-widget-empty .elementor-widget-empty-icon,.e-con>.elementor-widget-spacer.elementor-widget-empty .elementor-widget-empty-icon{position:absolute;top:0;bottom:0;left:0;right:0;margin:auto;padding:0;width:22px;height:22px}<\/style>\t\t<div class=\"elementor-spacer\">\n\t\t\t<div class=\"elementor-spacer-inner\"><\/div>\n\t\t<\/div>\n\t\t\t\t<\/div>\n\t\t\t\t<\/div>\n\t\t\t\t\t<\/div>\n\t\t<\/div>\n\t\t\t\t\t\t\t<\/div>\n\t\t<\/section>\n\t\t\t\t<section class=\"elementor-section elementor-top-section elementor-element elementor-element-831ae2c elementor-section-boxed elementor-section-height-default elementor-section-height-default\" data-id=\"831ae2c\" data-element_type=\"section\">\n\t\t\t\t\t\t<div class=\"elementor-container elementor-column-gap-default\">\n\t\t\t\t\t<div class=\"elementor-column elementor-col-100 elementor-top-column elementor-element elementor-element-2a2dddd\" data-id=\"2a2dddd\" data-element_type=\"column\">\n\t\t\t<div class=\"elementor-widget-wrap elementor-element-populated\">\n\t\t\t\t\t\t\t\t<div class=\"elementor-element elementor-element-368b9e1 elementor-widget elementor-widget-heading\" data-id=\"368b9e1\" data-element_type=\"widget\" data-widget_type=\"heading.default\">\n\t\t\t\t<div class=\"elementor-widget-container\">\n\t\t\t<h2 class=\"elementor-heading-title elementor-size-default\">Nossas a\u00e7\u00f5es<\/h2>\t\t<\/div>\n\t\t\t\t<\/div>\n\t\t\t\t\t<\/div>\n\t\t<\/div>\n\t\t\t\t\t\t\t<\/div>\n\t\t<\/section>\n\t\t\t\t<section class=\"elementor-section elementor-top-section elementor-element elementor-element-22211d2 elementor-section-boxed elementor-section-height-default elementor-section-height-default\" data-id=\"22211d2\" data-element_type=\"section\">\n\t\t\t\t\t\t<div class=\"elementor-container elementor-column-gap-default\">\n\t\t\t\t\t<div class=\"elementor-column elementor-col-100 elementor-top-column elementor-element elementor-element-08e85d9\" data-id=\"08e85d9\" data-element_type=\"column\">\n\t\t\t<div class=\"elementor-widget-wrap elementor-element-populated\">\n\t\t\t\t\t\t\t\t<div class=\"elementor-element elementor-element-1fb3032 elementor-widget__width-initial elementor-widget elementor-widget-heading\" data-id=\"1fb3032\" data-element_type=\"widget\" data-widget_type=\"heading.default\">\n\t\t\t\t<div class=\"elementor-widget-container\">\n\t\t\t<h3 class=\"elementor-heading-title elementor-size-default\">Projeto Ci\u00eancia na Escola - Cnpq<\/h3>\t\t<\/div>\n\t\t\t\t<\/div>\n\t\t\t\t<div class=\"elementor-element elementor-element-4f46f21 elementor-widget elementor-widget-image\" data-id=\"4f46f21\" data-element_type=\"widget\" data-widget_type=\"image.default\">\n\t\t\t\t<div class=\"elementor-widget-container\">\n\t\t\t\t\t\t\t\t\t\t\t\t\t\t\t<img decoding=\"async\" width=\"1024\" height=\"576\" src=\"https:\/\/encostaviva.poli.ufrj.br\/wp-content\/uploads\/2023\/03\/foto-26-1024x576.jpg\" class=\"attachment-large size-large wp-image-2146\" alt=\"\" srcset=\"https:\/\/encostaviva.poli.ufrj.br\/wp-content\/uploads\/2023\/03\/foto-26-1024x576.jpg 1024w, https:\/\/encostaviva.poli.ufrj.br\/wp-content\/uploads\/2023\/03\/foto-26-300x169.jpg 300w, https:\/\/encostaviva.poli.ufrj.br\/wp-content\/uploads\/2023\/03\/foto-26-768x432.jpg 768w, https:\/\/encostaviva.poli.ufrj.br\/wp-content\/uploads\/2023\/03\/foto-26-1080x608.jpg 1080w, https:\/\/encostaviva.poli.ufrj.br\/wp-content\/uploads\/2023\/03\/foto-26-980x551.jpg 980w, https:\/\/encostaviva.poli.ufrj.br\/wp-content\/uploads\/2023\/03\/foto-26-480x270.jpg 480w, https:\/\/encostaviva.poli.ufrj.br\/wp-content\/uploads\/2023\/03\/foto-26.jpg 1280w\" sizes=\"(max-width: 1024px) 100vw, 1024px\" \/>\t\t\t\t\t\t\t\t\t\t\t\t\t\t\t<\/div>\n\t\t\t\t<\/div>\n\t\t\t\t\t<\/div>\n\t\t<\/div>\n\t\t\t\t\t\t\t<\/div>\n\t\t<\/section>\n\t\t\t\t<section class=\"elementor-section elementor-top-section elementor-element elementor-element-d36748e elementor-section-boxed elementor-section-height-default elementor-section-height-default\" data-id=\"d36748e\" data-element_type=\"section\">\n\t\t\t\t\t\t<div class=\"elementor-container elementor-column-gap-default\">\n\t\t\t\t\t<div class=\"elementor-column elementor-col-100 elementor-top-column elementor-element elementor-element-2a8b010\" data-id=\"2a8b010\" data-element_type=\"column\">\n\t\t\t<div class=\"elementor-widget-wrap elementor-element-populated\">\n\t\t\t\t\t\t\t\t<div class=\"elementor-element elementor-element-1e37594 elementor-widget__width-initial elementor-widget elementor-widget-text-editor\" data-id=\"1e37594\" data-element_type=\"widget\" data-widget_type=\"text-editor.default\">\n\t\t\t\t<div class=\"elementor-widget-container\">\n\t\t\t\t\t\t\t<p>Trata-se de um projeto de pesquisa-a\u00e7\u00e3o com o objetivo de desenvolver um m\u00e9todo de integra\u00e7\u00e3o da tem\u00e1tica dos desastres associados a deslizamentos de terra em escolas do ensino b\u00e1sico, englobando desde o levantamento da percep\u00e7\u00e3o dos alunos sobre o tema, o planejamento das atividades com a escola, o conte\u00fado abordado com os alunos, os tipos de aula e os instrumentos pedag\u00f3gicos utilizados.<br><\/p>\t\t\t\t\t\t<\/div>\n\t\t\t\t<\/div>\n\t\t\t\t\t<\/div>\n\t\t<\/div>\n\t\t\t\t\t\t\t<\/div>\n\t\t<\/section>\n\t\t\t\t<section class=\"elementor-section elementor-top-section elementor-element elementor-element-da76f1f elementor-section-boxed elementor-section-height-default elementor-section-height-default\" data-id=\"da76f1f\" data-element_type=\"section\">\n\t\t\t\t\t\t<div class=\"elementor-container elementor-column-gap-default\">\n\t\t\t\t\t<div class=\"elementor-column elementor-col-100 elementor-top-column elementor-element elementor-element-05ff5cb\" data-id=\"05ff5cb\" data-element_type=\"column\">\n\t\t\t<div class=\"elementor-widget-wrap elementor-element-populated\">\n\t\t\t\t\t\t\t\t<div class=\"elementor-element elementor-element-7665907 elementor-widget__width-initial elementor-widget elementor-widget-heading\" data-id=\"7665907\" data-element_type=\"widget\" data-widget_type=\"heading.default\">\n\t\t\t\t<div class=\"elementor-widget-container\">\n\t\t\t<h3 class=\"elementor-heading-title elementor-size-default\">Escola Municipal de Forma\u00e7\u00e3o Profissional Governador Portela\n<\/h3>\t\t<\/div>\n\t\t\t\t<\/div>\n\t\t\t\t\t<\/div>\n\t\t<\/div>\n\t\t\t\t\t\t\t<\/div>\n\t\t<\/section>\n\t\t\t\t<section class=\"elementor-section elementor-top-section elementor-element elementor-element-4295e60 elementor-section-boxed elementor-section-height-default elementor-section-height-default\" data-id=\"4295e60\" data-element_type=\"section\">\n\t\t\t\t\t\t<div class=\"elementor-container elementor-column-gap-default\">\n\t\t\t\t\t<div class=\"elementor-column elementor-col-33 elementor-top-column elementor-element elementor-element-08b0347\" data-id=\"08b0347\" data-element_type=\"column\">\n\t\t\t<div class=\"elementor-widget-wrap elementor-element-populated\">\n\t\t\t\t\t\t\t\t<div class=\"elementor-element elementor-element-c6ed807 elementor-widget elementor-widget-image\" data-id=\"c6ed807\" data-element_type=\"widget\" data-widget_type=\"image.default\">\n\t\t\t\t<div class=\"elementor-widget-container\">\n\t\t\t\t\t\t\t\t\t\t\t\t\t\t\t<img decoding=\"async\" width=\"351\" height=\"261\" src=\"https:\/\/encostaviva.poli.ufrj.br\/wp-content\/uploads\/2020\/06\/gov-portela.jpg\" class=\"attachment-large size-large wp-image-788\" alt=\"\" \/>\t\t\t\t\t\t\t\t\t\t\t\t\t\t\t<\/div>\n\t\t\t\t<\/div>\n\t\t\t\t\t<\/div>\n\t\t<\/div>\n\t\t\t\t<div class=\"elementor-column elementor-col-66 elementor-top-column elementor-element elementor-element-ddc17d4\" data-id=\"ddc17d4\" data-element_type=\"column\">\n\t\t\t<div class=\"elementor-widget-wrap elementor-element-populated\">\n\t\t\t\t\t\t\t\t<div class=\"elementor-element elementor-element-f725a0b elementor-widget__width-initial elementor-widget elementor-widget-text-editor\" data-id=\"f725a0b\" data-element_type=\"widget\" data-widget_type=\"text-editor.default\">\n\t\t\t\t<div class=\"elementor-widget-container\">\n\t\t\t\t\t\t\t<p style=\"margin: 0px auto clamp(1rem, 0.25em, 2rem); max-width: unset; color: rgb(23, 37, 42);\">Foi realizado, nos anos de 2013 e 2014, o projeto \u201cInser\u00e7\u00e3o do tema de desastres associados a deslizamentos de terra no ensino fundamental das escolas p\u00fablicas\u201d, com financiamento da Faperj (Edital \u201cApoio \u00e0 melhoria do ensino em escolas da rede p\u00fablica sediadas no Estado do Rio de Janeiro \u2013 2012\u201d).<\/p><p style=\"margin: 0px auto clamp(1rem, 0.25em, 2rem); max-width: unset; color: rgb(23, 37, 42);\"><span style=\"font-weight: 700;\">Artigos relacionados<\/span><br><\/p><ul style=\"margin: clamp(1rem, 0.5em, 2.5rem) auto 0px; max-width: unset; color: rgb(23, 37, 42); font-family: &quot;Open Sans&quot;, Helvetica, Arial, sans-serif, serif;\"><li>Transversal integration of geohydrological risks in an elementary school in Brazil: A disaster education experiment, 2019<\/li><li>Integra\u00e7\u00e3o do Tema de Desastres Geo-hidrol\u00f3gicos no Curr\u00edculo do sexto ano do Ensino Fundamental, 2018<\/li><\/ul>\t\t\t\t\t\t<\/div>\n\t\t\t\t<\/div>\n\t\t\t\t\t<\/div>\n\t\t<\/div>\n\t\t\t\t\t\t\t<\/div>\n\t\t<\/section>\n\t\t\t\t<section class=\"elementor-section elementor-top-section elementor-element elementor-element-ae49672 elementor-section-boxed elementor-section-height-default elementor-section-height-default\" data-id=\"ae49672\" data-element_type=\"section\">\n\t\t\t\t\t\t<div class=\"elementor-container elementor-column-gap-default\">\n\t\t\t\t\t<div class=\"elementor-column elementor-col-100 elementor-top-column elementor-element elementor-element-61ee6d0\" data-id=\"61ee6d0\" data-element_type=\"column\">\n\t\t\t<div class=\"elementor-widget-wrap elementor-element-populated\">\n\t\t\t\t\t\t\t\t<div class=\"elementor-element elementor-element-6049f1a elementor-widget__width-initial elementor-widget elementor-widget-heading\" data-id=\"6049f1a\" data-element_type=\"widget\" data-widget_type=\"heading.default\">\n\t\t\t\t<div class=\"elementor-widget-container\">\n\t\t\t<h3 class=\"elementor-heading-title elementor-size-default\">Col\u00e9gio Estadual Joaquim T\u00e1vora\n<\/h3>\t\t<\/div>\n\t\t\t\t<\/div>\n\t\t\t\t<div class=\"elementor-element elementor-element-289f8cc elementor-widget elementor-widget-image\" data-id=\"289f8cc\" data-element_type=\"widget\" data-widget_type=\"image.default\">\n\t\t\t\t<div class=\"elementor-widget-container\">\n\t\t\t\t\t\t\t\t\t\t\t\t\t\t\t<img loading=\"lazy\" decoding=\"async\" width=\"768\" height=\"643\" src=\"https:\/\/encostaviva.poli.ufrj.br\/wp-content\/uploads\/2024\/07\/joaquim-tavora-e1616441494256-768x643.jpg\" class=\"attachment-medium_large size-medium_large wp-image-2888\" alt=\"\" srcset=\"https:\/\/encostaviva.poli.ufrj.br\/wp-content\/uploads\/2024\/07\/joaquim-tavora-e1616441494256-768x643.jpg 768w, https:\/\/encostaviva.poli.ufrj.br\/wp-content\/uploads\/2024\/07\/joaquim-tavora-e1616441494256-300x251.jpg 300w, https:\/\/encostaviva.poli.ufrj.br\/wp-content\/uploads\/2024\/07\/joaquim-tavora-e1616441494256-1024x857.jpg 1024w, https:\/\/encostaviva.poli.ufrj.br\/wp-content\/uploads\/2024\/07\/joaquim-tavora-e1616441494256.jpg 1086w\" sizes=\"(max-width: 768px) 100vw, 768px\" \/>\t\t\t\t\t\t\t\t\t\t\t\t\t\t\t<\/div>\n\t\t\t\t<\/div>\n\t\t\t\t\t<\/div>\n\t\t<\/div>\n\t\t\t\t\t\t\t<\/div>\n\t\t<\/section>\n\t\t\t\t<section class=\"elementor-section elementor-top-section elementor-element elementor-element-ae10390 elementor-section-boxed elementor-section-height-default elementor-section-height-default\" data-id=\"ae10390\" data-element_type=\"section\">\n\t\t\t\t\t\t<div class=\"elementor-container elementor-column-gap-default\">\n\t\t\t\t\t<div class=\"elementor-column elementor-col-33 elementor-top-column elementor-element elementor-element-1d65fd7\" data-id=\"1d65fd7\" data-element_type=\"column\">\n\t\t\t<div class=\"elementor-widget-wrap elementor-element-populated\">\n\t\t\t\t\t\t\t\t<div class=\"elementor-element elementor-element-837bf99 elementor-widget__width-initial elementor-widget elementor-widget-text-editor\" data-id=\"837bf99\" data-element_type=\"widget\" data-widget_type=\"text-editor.default\">\n\t\t\t\t<div class=\"elementor-widget-container\">\n\t\t\t\t\t\t\t<p>Foi realizado, nos anos de 2013 e 2014, o projeto \u201cInser\u00e7\u00e3o do tema de desastres associados a deslizamentos de terra no ensino fundamental das escolas p\u00fablicas\u201d, com financiamento da Faperj (Edital \u201cApoio \u00e0 melhoria do ensino em escolas da rede p\u00fablica sediadas no Estado do Rio de Janeiro \u2013 2012\u201d).<br><\/p>\t\t\t\t\t\t<\/div>\n\t\t\t\t<\/div>\n\t\t\t\t\t<\/div>\n\t\t<\/div>\n\t\t\t\t<div class=\"elementor-column elementor-col-66 elementor-top-column elementor-element elementor-element-31b0029\" data-id=\"31b0029\" data-element_type=\"column\">\n\t\t\t<div class=\"elementor-widget-wrap elementor-element-populated\">\n\t\t\t\t\t\t\t\t<div class=\"elementor-element elementor-element-321574c elementor-widget__width-initial elementor-widget elementor-widget-text-editor\" data-id=\"321574c\" data-element_type=\"widget\" data-widget_type=\"text-editor.default\">\n\t\t\t\t<div class=\"elementor-widget-container\">\n\t\t\t\t\t\t\t<p style=\"margin: 0px auto clamp(1rem, 0.25em, 2rem); max-width: unset; color: rgb(23, 37, 42);\">Atrav\u00e9s do projeto foi concebido e realizado um m\u00e9todo de integra\u00e7\u00e3o do tema na disciplina de Ci\u00eancias durante um semestre letivo, envolvendo duas turmas do 6a ano do ensino fundamental.&nbsp;<br><\/p>\n<p style=\"margin: clamp(1rem, 0.5em, 2.5rem) auto 0px; max-width: unset; color: rgb(23, 37, 42);\">Empregaram-se diferentes instrumentos pedag\u00f3gicos e foram envolvidas aulas expositivas e pr\u00e1ticas (maquetes, jogos, visita a comunidade em encosta, intera\u00e7\u00e3o com a Defesa Civil), utilizando a aprendizagem significativa.<\/p>\t\t\t\t\t\t<\/div>\n\t\t\t\t<\/div>\n\t\t\t\t\t<\/div>\n\t\t<\/div>\n\t\t\t\t\t\t\t<\/div>\n\t\t<\/section>\n\t\t\t\t<section class=\"elementor-section elementor-top-section elementor-element elementor-element-c36656f elementor-section-boxed elementor-section-height-default elementor-section-height-default\" data-id=\"c36656f\" data-element_type=\"section\">\n\t\t\t\t\t\t<div class=\"elementor-container elementor-column-gap-default\">\n\t\t\t\t\t<div class=\"elementor-column elementor-col-100 elementor-top-column elementor-element elementor-element-032473f\" data-id=\"032473f\" data-element_type=\"column\">\n\t\t\t<div class=\"elementor-widget-wrap elementor-element-populated\">\n\t\t\t\t\t\t\t\t<div class=\"elementor-element elementor-element-0bb8fb5 elementor-widget__width-initial elementor-widget elementor-widget-heading\" data-id=\"0bb8fb5\" data-element_type=\"widget\" data-widget_type=\"heading.default\">\n\t\t\t\t<div class=\"elementor-widget-container\">\n\t\t\t<h3 class=\"elementor-heading-title elementor-size-default\">Escola Municipal Laud\u00edmia Trotta\n\n<\/h3>\t\t<\/div>\n\t\t\t\t<\/div>\n\t\t\t\t<div class=\"elementor-element elementor-element-0a07dec elementor-widget elementor-widget-image\" data-id=\"0a07dec\" data-element_type=\"widget\" data-widget_type=\"image.default\">\n\t\t\t\t<div class=\"elementor-widget-container\">\n\t\t\t\t\t\t\t\t\t\t\t\t\t\t\t<img loading=\"lazy\" decoding=\"async\" width=\"1024\" height=\"566\" src=\"https:\/\/encostaviva.poli.ufrj.br\/wp-content\/uploads\/2020\/05\/lumidia-trotta-2-e1723471924900.jpg\" class=\"attachment-large size-large wp-image-574\" alt=\"\" \/>\t\t\t\t\t\t\t\t\t\t\t\t\t\t\t<\/div>\n\t\t\t\t<\/div>\n\t\t\t\t\t<\/div>\n\t\t<\/div>\n\t\t\t\t\t\t\t<\/div>\n\t\t<\/section>\n\t\t\t\t<section class=\"elementor-section elementor-top-section elementor-element elementor-element-3036a90 elementor-section-boxed elementor-section-height-default elementor-section-height-default\" data-id=\"3036a90\" data-element_type=\"section\">\n\t\t\t\t\t\t<div class=\"elementor-container elementor-column-gap-default\">\n\t\t\t\t\t<div class=\"elementor-column elementor-col-33 elementor-top-column elementor-element elementor-element-979c77c\" data-id=\"979c77c\" data-element_type=\"column\">\n\t\t\t<div class=\"elementor-widget-wrap elementor-element-populated\">\n\t\t\t\t\t\t\t\t<div class=\"elementor-element elementor-element-0573d01 elementor-widget elementor-widget-text-editor\" data-id=\"0573d01\" data-element_type=\"widget\" data-widget_type=\"text-editor.default\">\n\t\t\t\t<div class=\"elementor-widget-container\">\n\t\t\t\t\t\t\t<p style=\"color: rgb(23, 37, 42); margin: clamp(1rem, 0.5em, 2.5rem) auto clamp(1rem, 0.25em, 2rem); max-width: unset;\">O projeto \u201cTrabalhando o Tema de Desastres Socioambientais na Educa\u00e7\u00e3o B\u00e1sica Atrav\u00e9s da Articula\u00e7\u00e3o entre UFRJ, Escolas P\u00fablicas e Museu de Ci\u00eancias\u201d vem sendo desenvolvido na Escola Municipal Laud\u00edmia Trotta com o objetivo de estimular no cotidiano escolar atividades educativas sobre desastres socioambientais associados a deslizamentos atrav\u00e9s da concep\u00e7\u00e3o e emprego de recursos pedag\u00f3gicos pr\u00e1ticos, inovadores e interativos.<\/p><p style=\"color: rgb(23, 37, 42); margin: clamp(1rem, 0.5em, 2.5rem) auto clamp(1rem, 0.25em, 2rem); max-width: unset;\">Ser\u00e1 desenvolvido com fins de formar alunos multiplicadores, bem como professores do ensino fundamental municiados de saberes e pr\u00e1ticas acad\u00eamicas advindos da experi\u00eancia de professores\/pesquisadores da UFRJ e do Espa\u00e7o Ci\u00eancia Viva (museu interativo de ci\u00eancias). O projeto foi iniciado no in\u00edcio de 2020 e tem apoio do CNPq atrav\u00e9s da Programa Ci\u00eancia na Escola\/Chamada MCTIC\/CNPq No. 05\/2019<\/p>\t\t\t\t\t\t<\/div>\n\t\t\t\t<\/div>\n\t\t\t\t\t<\/div>\n\t\t<\/div>\n\t\t\t\t<div class=\"elementor-column elementor-col-66 elementor-top-column elementor-element elementor-element-a096827\" data-id=\"a096827\" data-element_type=\"column\">\n\t\t\t<div class=\"elementor-widget-wrap elementor-element-populated\">\n\t\t\t\t\t\t\t\t<div class=\"elementor-element elementor-element-45e3edd elementor-widget__width-initial elementor-widget elementor-widget-text-editor\" data-id=\"45e3edd\" data-element_type=\"widget\" data-widget_type=\"text-editor.default\">\n\t\t\t\t<div class=\"elementor-widget-container\">\n\t\t\t\t\t\t\t<p style=\"margin: clamp(1rem, 0.5em, 2.5rem) auto clamp(1rem, 0.25em, 2rem); max-width: unset; color: rgb(23, 37, 42);\"><span style=\"font-weight: 700;\"><br><\/span><\/p><p style=\"margin: clamp(1rem, 0.5em, 2.5rem) auto clamp(1rem, 0.25em, 2rem); max-width: unset; color: rgb(23, 37, 42);\"><span style=\"font-weight: 700;\">Artigos relacionados<\/span><br><\/p>\n<p style=\"margin: clamp(1rem, 0.5em, 2.5rem) auto clamp(1rem, 0.25em, 2rem); max-width: unset; color: rgb(23, 37, 42);\">Educa\u00e7\u00e3o para Redu\u00e7\u00e3o de Riscos e Desastres: Experi\u00eancias Formais e N\u00e3o Formais no Estado do Rio de Janeiro<\/p>\n<p style=\"margin: clamp(1rem, 0.5em, 2.5rem) auto clamp(1rem, 0.25em, 2rem); max-width: unset; color: rgb(23, 37, 42);\">Disaster Education for landslide risk reduction: an experience in a public schooll in Rio de Janeiro State, Brazil<\/p>\n<p style=\"margin: clamp(1rem, 0.5em, 2.5rem) auto clamp(1rem, 0.25em, 2rem); max-width: unset; color: rgb(23, 37, 42);\">Inser\u00e7\u00e3o do Tema de Desastres Associados a Deslizamentos no Ensino Fundamental<\/p>\t\t\t\t\t\t<\/div>\n\t\t\t\t<\/div>\n\t\t\t\t\t<\/div>\n\t\t<\/div>\n\t\t\t\t\t\t\t<\/div>\n\t\t<\/section>\n\t\t\t\t\t\t\t<\/div>\n\t\t","protected":false},"excerpt":{"rendered":"<p>A\u00e7\u00f5es em educa\u00e7\u00e3o formal Nas a\u00e7\u00f5es em educa\u00e7\u00e3o formal consistem em atividades realizadas em escolas para a integra\u00e7\u00e3o do tema de desastres associados a deslizamentos no curr\u00edculo formal de ensino. As atividades envolvem a prepara\u00e7\u00e3o de professores, a concep\u00e7\u00e3o e planejamento das interven\u00e7\u00f5es pedag\u00f3gicas, a constru\u00e7\u00e3o das ferramentas pedag\u00f3gicas e sua execu\u00e7\u00e3o. Busca-se, sempre, atividades [&hellip;]<\/p>\n","protected":false},"author":1,"featured_media":0,"parent":0,"menu_order":0,"comment_status":"closed","ping_status":"closed","template":"","meta":{"saved_in_kubio":true,"footnotes":""},"kubio_ai_page_context":{"short_desc":"","purpose":"general"},"_links":{"self":[{"href":"https:\/\/encostaviva.poli.ufrj.br\/index.php\/wp-json\/wp\/v2\/pages\/101"}],"collection":[{"href":"https:\/\/encostaviva.poli.ufrj.br\/index.php\/wp-json\/wp\/v2\/pages"}],"about":[{"href":"https:\/\/encostaviva.poli.ufrj.br\/index.php\/wp-json\/wp\/v2\/types\/page"}],"author":[{"embeddable":true,"href":"https:\/\/encostaviva.poli.ufrj.br\/index.php\/wp-json\/wp\/v2\/users\/1"}],"replies":[{"embeddable":true,"href":"https:\/\/encostaviva.poli.ufrj.br\/index.php\/wp-json\/wp\/v2\/comments?post=101"}],"version-history":[{"count":54,"href":"https:\/\/encostaviva.poli.ufrj.br\/index.php\/wp-json\/wp\/v2\/pages\/101\/revisions"}],"predecessor-version":[{"id":3053,"href":"https:\/\/encostaviva.poli.ufrj.br\/index.php\/wp-json\/wp\/v2\/pages\/101\/revisions\/3053"}],"wp:attachment":[{"href":"https:\/\/encostaviva.poli.ufrj.br\/index.php\/wp-json\/wp\/v2\/media?parent=101"}],"curies":[{"name":"wp","href":"https:\/\/api.w.org\/{rel}","templated":true}]}}